{"id":2196,"date":"2018-07-04T19:23:29","date_gmt":"2018-07-04T16:23:29","guid":{"rendered":"http:\/\/elavaravinto.fi\/wp\/?page_id=2196"},"modified":"2026-01-03T16:10:32","modified_gmt":"2026-01-03T14:10:32","slug":"hallitus","status":"publish","type":"page","link":"https:\/\/elavaravinto.fi\/wp\/hallitus\/","title":{"rendered":"Hallitus"},"content":{"rendered":"\n<h3 class=\"wp-block-heading has-luminous-vivid-orange-color has-text-color has-link-color wp-elements-21dc196a344d6e917136e40a5a1cc653\"><strong>El\u00e4v\u00e4 raakaravinto ry:n hallituksen kokoonpano vuonna 2026<\/strong><\/h3>\n\n\n\n<p class=\"has-white-color has-text-color has-link-color wp-elements-f329c9f2cc2346ad1e567c12154fcfef\">***<\/p>\n\n\n\n<figure class=\"wp-block-image size-large is-resized\"><img loading=\"lazy\" decoding=\"async\" width=\"1024\" height=\"603\" src=\"https:\/\/elavaravinto.fi\/wp\/wp-content\/uploads\/2026\/01\/Nayttokuva-2026-01-03-131737-1-1024x603.png\" alt=\"\" class=\"wp-image-8664\" style=\"width:578px;height:auto\" srcset=\"https:\/\/elavaravinto.fi\/wp\/wp-content\/uploads\/2026\/01\/Nayttokuva-2026-01-03-131737-1-1024x603.png 1024w, https:\/\/elavaravinto.fi\/wp\/wp-content\/uploads\/2026\/01\/Nayttokuva-2026-01-03-131737-1-300x177.png 300w, https:\/\/elavaravinto.fi\/wp\/wp-content\/uploads\/2026\/01\/Nayttokuva-2026-01-03-131737-1-768x452.png 768w, https:\/\/elavaravinto.fi\/wp\/wp-content\/uploads\/2026\/01\/Nayttokuva-2026-01-03-131737-1.png 1312w\" sizes=\"auto, (max-width: 1024px) 100vw, 1024px\" \/><\/figure>\n\n\n\n<p>Uusi hallitus&nbsp;on aloittanut toimikautensa vuoden 2026 alusta. Puheenjohtaja edustaa yhdistyst\u00e4 ja hoitaa suhteita yhdistyksest\u00e4 ulosp\u00e4in.<\/p>\n\n\n\n<p>Hallituksen j\u00e4senet valitaan yleisess\u00e4 syyskokouksessa &#8211; lue lis\u00e4\u00e4: &gt;&gt;&gt;<a href=\"https:\/\/elavaravinto.fi\/wp\/yhdistys\/kokoukset\/\">https:\/\/elavaravinto.fi\/wp\/yhdistys\/kokoukset\/<\/a><\/p>\n\n\n\n<p>Moni meist\u00e4 oli mukana toiminnassa my\u00f6s viime vuonna. <\/p>\n\n\n\n<p>Olemme ylpeit\u00e4 siit\u00e4, ett\u00e4 ERY:n viestinn\u00e4n siirto verkkoon on onnistunut. Paperilehden sijaan j\u00e4senet ovat saaneet joka kuukausi j\u00e4senlehden suoraan s\u00e4hk\u00f6postiinsa, joten yhteys j\u00e4seniin on ollut s\u00e4\u00e4nn\u00f6llist\u00e4.&nbsp; J\u00e4senlehti on sis\u00e4lt\u00e4nyt <em>Minun tarinani<\/em> -osion ja reseptien lis\u00e4ksi my\u00f6s tiedot kursseista ja tapahtumista.<\/p>\n\n\n\n<h3 class=\"wp-block-heading has-luminous-vivid-orange-color has-text-color has-link-color wp-elements-26c083816f50e4d481530275a8a376bf\"><strong>ERY:n hallitus pit\u00e4\u00e4 kokouksia noin kerran kuussa<\/strong><\/h3>\n\n\n\n<div class=\"wp-block-group\"><div class=\"wp-block-group__inner-container is-layout-flow wp-block-group-is-layout-flow\">\n<div class=\"wp-block-group\"><div class=\"wp-block-group__inner-container is-layout-flow wp-block-group-is-layout-flow\">\n<p>Hallituksen j\u00e4senet tekev\u00e4t yhteis\u00f6n hyv\u00e4ksi palkatonta vapaaehtoisty\u00f6t\u00e4. Tavoitteena on j\u00e4rjest\u00e4\u00e4 luentoja, tapahtumia ja keskustelutilaisuuksia, kutsua vierailevia asiantuntijoita, organisoida kursseja ja julkaista j\u00e4senlehti\u00e4.<\/p>\n\n\n\n<p>Yhdistyksen yleinen syyskokous valitsee hallituksen j\u00e4senet. Puheenjohtaja edustaa yhdistyst\u00e4 ja hoitaa suhteita yhdistyksest\u00e4 ulosp\u00e4in.<\/p>\n<\/div><\/div>\n<\/div><\/div>\n\n\n\n<p>Oikeusministeri\u00f6n uusi&nbsp;19.3.2020 p\u00e4ivitetty ohjeistus antaa meille mahdollisuuden et\u00e4kokoukseen:<\/p>\n\n\n\n<p><a href=\"https:\/\/www.alli.fi\/uutiset\/vinkkeja-jarjestoille-korona-aikaan\">https:\/\/www.alli.fi\/uutiset\/vinkkeja-jarjestoille-korona-aikaan<\/a><\/p>\n\n\n\n<h3 class=\"wp-block-heading has-luminous-vivid-orange-color has-text-color has-link-color wp-elements-ffb22497daa0ffdfc3b6445d955f6381\"><strong>Et\u00e4- ja l\u00e4hikurssit <\/strong><\/h3>\n\n\n\n<p>Satu Moilaisen ja Inkka N\u00e4kk\u00e4j\u00e4rven kurssit pidet\u00e4\u00e4n Helsingiss\u00e4. Viime vuonna p\u00e4\u00e4simme pit\u00e4m\u00e4\u00e4n l\u00e4hikursseja my\u00f6s Helsingin ulkopuolella. Vuoden ensimm\u00e4inen raakaruokakurssi pidet\u00e4\u00e4n t\u00e4n\u00e4 vuonna Juv\u00e4skyl\u00e4ss\u00e4. Raakakokin Lilla Sulkalan ruokakurssit Tampereella ovat olleet suosittuja. Vastaavan l\u00e4hikurssin pit\u00e4minen teid\u00e4n paikkakunnalla vaatii teid\u00e4n aktiivisuuttanne. Voit&nbsp;ker\u00e4t\u00e4&nbsp;ryhm\u00e4n&nbsp;ja hallitus auttaa kurssin j\u00e4rjest\u00e4misess\u00e4 sinun paikkakunnallasi!&nbsp;<\/p>\n\n\n\n<figure class=\"wp-block-gallery has-nested-images columns-default is-cropped wp-block-gallery-1 is-layout-flex wp-block-gallery-is-layout-flex\">\n<figure class=\"wp-block-image size-large\"><img loading=\"lazy\" decoding=\"async\" width=\"1200\" height=\"900\" data-id=\"8678\" src=\"https:\/\/elavaravinto.fi\/wp\/wp-content\/uploads\/2026\/01\/4f98449c-6faa-4557-9d05-837bc8345031-edited.jpeg\" alt=\"\" class=\"wp-image-8678\" srcset=\"https:\/\/elavaravinto.fi\/wp\/wp-content\/uploads\/2026\/01\/4f98449c-6faa-4557-9d05-837bc8345031-edited.jpeg 1200w, https:\/\/elavaravinto.fi\/wp\/wp-content\/uploads\/2026\/01\/4f98449c-6faa-4557-9d05-837bc8345031-edited-300x225.jpeg 300w, https:\/\/elavaravinto.fi\/wp\/wp-content\/uploads\/2026\/01\/4f98449c-6faa-4557-9d05-837bc8345031-edited-1024x768.jpeg 1024w, https:\/\/elavaravinto.fi\/wp\/wp-content\/uploads\/2026\/01\/4f98449c-6faa-4557-9d05-837bc8345031-edited-768x576.jpeg 768w, https:\/\/elavaravinto.fi\/wp\/wp-content\/uploads\/2026\/01\/4f98449c-6faa-4557-9d05-837bc8345031-edited-1140x855.jpeg 1140w, https:\/\/elavaravinto.fi\/wp\/wp-content\/uploads\/2026\/01\/4f98449c-6faa-4557-9d05-837bc8345031-edited-570x428.jpeg 570w, https:\/\/elavaravinto.fi\/wp\/wp-content\/uploads\/2026\/01\/4f98449c-6faa-4557-9d05-837bc8345031-edited-380x285.jpeg 380w, https:\/\/elavaravinto.fi\/wp\/wp-content\/uploads\/2026\/01\/4f98449c-6faa-4557-9d05-837bc8345031-edited-285x214.jpeg 285w\" sizes=\"auto, (max-width: 1200px) 100vw, 1200px\" \/><\/figure>\n\n\n\n<figure class=\"wp-block-image size-large\"><img loading=\"lazy\" decoding=\"async\" width=\"800\" height=\"533\" data-id=\"8677\" src=\"https:\/\/elavaravinto.fi\/wp\/wp-content\/uploads\/2026\/01\/etakurssi.jpeg\" alt=\"\" class=\"wp-image-8677\" srcset=\"https:\/\/elavaravinto.fi\/wp\/wp-content\/uploads\/2026\/01\/etakurssi.jpeg 800w, https:\/\/elavaravinto.fi\/wp\/wp-content\/uploads\/2026\/01\/etakurssi-300x200.jpeg 300w, https:\/\/elavaravinto.fi\/wp\/wp-content\/uploads\/2026\/01\/etakurssi-768x512.jpeg 768w, https:\/\/elavaravinto.fi\/wp\/wp-content\/uploads\/2026\/01\/etakurssi-570x380.jpeg 570w, https:\/\/elavaravinto.fi\/wp\/wp-content\/uploads\/2026\/01\/etakurssi-380x254.jpeg 380w, https:\/\/elavaravinto.fi\/wp\/wp-content\/uploads\/2026\/01\/etakurssi-285x190.jpeg 285w, https:\/\/elavaravinto.fi\/wp\/wp-content\/uploads\/2026\/01\/etakurssi-272x182.jpeg 272w\" sizes=\"auto, (max-width: 800px) 100vw, 800px\" \/><\/figure>\n<\/figure>\n\n\n\n<h3 class=\"wp-block-heading has-luminous-vivid-orange-color has-text-color has-link-color wp-elements-e182b01669dc7915c844617f17fb23ce\"><strong>Matkalla terveyteen et ole yksin!<\/strong><\/h3>\n\n\n\n<p>El\u00e4v\u00e4n ravinnon etsij\u00f6iden keskustelupiirit ovat saattaneet j\u00e4seni\u00e4 yhteen. K\u00e4ynnit valikoiduissa kasvisravintoloissa ovat antaneet piiril\u00e4isille mahdollisuuden kokeilla uusia makuja. Leifin ja Pian innostus tarttuu my\u00f6s et\u00e4n\u00e4, ja et\u00e4piirist\u00e4 on tullut el\u00e4v\u00e4n ravinnon yst\u00e4ville innostava kohtaamispaikka. Seuraa ilmoituksia Facebookissa!<\/p>\n\n\n\n<h3 class=\"wp-block-heading has-luminous-vivid-orange-color has-text-color has-link-color wp-elements-6d935887f1090dcf289468db0729c37b\"><strong>Voit tavata kokemusasiantuntijan<\/strong><\/h3>\n\n\n\n<p>J\u00e4senille tarkoitetussa WUp -ryhm\u00e4ss\u00e4 vaihdetaan kokemuksia.&nbsp; Keskustelu siin\u00e4 on reaali-aikaista ja hyvin vilkasta. Ryhm\u00e4\u00e4n p\u00e4\u00e4see&nbsp;l\u00e4hett\u00e4m\u00e4ll\u00e4 liittymispyynn\u00f6n yll\u00e4pidolle.<\/p>\n\n\n\n<p>Onnistuneen elintapamuutoksen edellytyksen\u00e4 on, ett\u00e4 muutokselle on paitsi tarve, my\u00f6s suunta ja tuki. Yhdistys jatkaa tiedon ja kokemuksen levitt\u00e4mist\u00e4 el\u00e4v\u00e4n raakaravinnon parantavasta vaikutuksesta. Millaista osaamista ja tukea sin\u00e4 kaipaat?<\/p>\n\n\n\n<h3 class=\"wp-block-heading has-luminous-vivid-orange-color has-text-color has-link-color wp-elements-c2938bde0abb69f61e5a4fb1e1fc2a03\"><strong>El\u00e4v\u00e4 raakaravinto ry:n hallituksen kokoonpano vuonna 2022<\/strong><\/h3>\n\n\n\n<figure class=\"wp-block-image size-full is-resized\"><a href=\"https:\/\/elavaravinto.fi\/wp\/wp-content\/uploads\/2022\/10\/PHOTO-2022-09-24-12-13-19.jpg\"><img loading=\"lazy\" decoding=\"async\" width=\"1024\" height=\"769\" src=\"https:\/\/elavaravinto.fi\/wp\/wp-content\/uploads\/2022\/10\/PHOTO-2022-09-24-12-13-19.jpg\" alt=\"\" class=\"wp-image-5963\" style=\"width:563px;height:auto\" srcset=\"https:\/\/elavaravinto.fi\/wp\/wp-content\/uploads\/2022\/10\/PHOTO-2022-09-24-12-13-19.jpg 1024w, https:\/\/elavaravinto.fi\/wp\/wp-content\/uploads\/2022\/10\/PHOTO-2022-09-24-12-13-19-300x225.jpg 300w, https:\/\/elavaravinto.fi\/wp\/wp-content\/uploads\/2022\/10\/PHOTO-2022-09-24-12-13-19-768x577.jpg 768w, https:\/\/elavaravinto.fi\/wp\/wp-content\/uploads\/2022\/10\/PHOTO-2022-09-24-12-13-19-570x428.jpg 570w, https:\/\/elavaravinto.fi\/wp\/wp-content\/uploads\/2022\/10\/PHOTO-2022-09-24-12-13-19-380x285.jpg 380w, https:\/\/elavaravinto.fi\/wp\/wp-content\/uploads\/2022\/10\/PHOTO-2022-09-24-12-13-19-285x214.jpg 285w\" sizes=\"auto, (max-width: 1024px) 100vw, 1024px\" \/><\/a><\/figure>\n\n\n\n<p><em>Sari Suominen, <\/em>hallituksen puheenjohtaja;<\/p>\n\n\n\n<p><em>Riika Kandhola<\/em>, hallituksen j\u00e4sen, varapuheenjohtaja;<\/p>\n\n\n\n<p><em>Georgi Shurupov<\/em>, hallituksen j\u00e4sen;<\/p>\n\n\n\n<p><em>Helj\u00e4 Etel\u00e4m\u00e4ki<\/em>, hallituksen j\u00e4sen;<\/p>\n\n\n\n<p><em>Juleh Kandhola, <\/em>hallituksen j\u00e4sen.<\/p>\n\n\n\n<h3 class=\"wp-block-heading has-luminous-vivid-orange-color has-text-color has-link-color wp-elements-406eba676e97a32b3d628aed0a0edeb6\"><strong>ERY:n hallituksen kokoonpano vuonna 2019<\/strong><\/h3>\n\n\n\n<p>Sari Suominen, Georgi Shurupov, Tiina Alanen, Marjo Uutela, Haidi Luukkonen, Gurvir Kandhola. Sihteerin\u00e4 toimi Riika Savikoski-Singh.<\/p>\n\n\n\n<figure class=\"wp-block-gallery has-nested-images columns-default is-cropped wp-block-gallery-2 is-layout-flex wp-block-gallery-is-layout-flex\">\n<figure class=\"wp-block-image size-large\"><a href=\"https:\/\/elavaravinto.fi\/wp\/wp-content\/uploads\/2020\/02\/ery-hallitus-2019.jpg\"><img loading=\"lazy\" decoding=\"async\" width=\"1024\" height=\"767\" data-id=\"3869\" src=\"https:\/\/elavaravinto.fi\/wp\/wp-content\/uploads\/2020\/02\/ery-hallitus-2019-1024x767.jpg\" alt=\"\" class=\"wp-image-3869\" srcset=\"https:\/\/elavaravinto.fi\/wp\/wp-content\/uploads\/2020\/02\/ery-hallitus-2019-1024x767.jpg 1024w, https:\/\/elavaravinto.fi\/wp\/wp-content\/uploads\/2020\/02\/ery-hallitus-2019-300x225.jpg 300w, https:\/\/elavaravinto.fi\/wp\/wp-content\/uploads\/2020\/02\/ery-hallitus-2019-768x575.jpg 768w, https:\/\/elavaravinto.fi\/wp\/wp-content\/uploads\/2020\/02\/ery-hallitus-2019-570x428.jpg 570w, https:\/\/elavaravinto.fi\/wp\/wp-content\/uploads\/2020\/02\/ery-hallitus-2019-380x285.jpg 380w, https:\/\/elavaravinto.fi\/wp\/wp-content\/uploads\/2020\/02\/ery-hallitus-2019-285x214.jpg 285w, https:\/\/elavaravinto.fi\/wp\/wp-content\/uploads\/2020\/02\/ery-hallitus-2019.jpg 1080w\" sizes=\"auto, (max-width: 1024px) 100vw, 1024px\" \/><\/a><figcaption class=\"wp-element-caption\">ERY:n hallitus 2019<\/figcaption><\/figure>\n\n\n\n<figure class=\"wp-block-image size-large\"><a href=\"https:\/\/elavaravinto.fi\/wp\/wp-content\/uploads\/2019\/09\/hallitus-02.17-1.jpg\"><img loading=\"lazy\" decoding=\"async\" width=\"1024\" height=\"683\" data-id=\"3304\" src=\"https:\/\/elavaravinto.fi\/wp\/wp-content\/uploads\/2019\/09\/hallitus-02.17-1-1024x683.jpg\" alt=\"\" class=\"wp-image-3304\" srcset=\"https:\/\/elavaravinto.fi\/wp\/wp-content\/uploads\/2019\/09\/hallitus-02.17-1-1024x683.jpg 1024w, https:\/\/elavaravinto.fi\/wp\/wp-content\/uploads\/2019\/09\/hallitus-02.17-1-300x200.jpg 300w, https:\/\/elavaravinto.fi\/wp\/wp-content\/uploads\/2019\/09\/hallitus-02.17-1-768x512.jpg 768w, https:\/\/elavaravinto.fi\/wp\/wp-content\/uploads\/2019\/09\/hallitus-02.17-1-1140x760.jpg 1140w, https:\/\/elavaravinto.fi\/wp\/wp-content\/uploads\/2019\/09\/hallitus-02.17-1-570x380.jpg 570w, https:\/\/elavaravinto.fi\/wp\/wp-content\/uploads\/2019\/09\/hallitus-02.17-1-380x254.jpg 380w, https:\/\/elavaravinto.fi\/wp\/wp-content\/uploads\/2019\/09\/hallitus-02.17-1-285x190.jpg 285w, https:\/\/elavaravinto.fi\/wp\/wp-content\/uploads\/2019\/09\/hallitus-02.17-1-272x182.jpg 272w, https:\/\/elavaravinto.fi\/wp\/wp-content\/uploads\/2019\/09\/hallitus-02.17-1.jpg 1920w\" sizes=\"auto, (max-width: 1024px) 100vw, 1024px\" \/><\/a><figcaption class=\"wp-element-caption\">ERY:n hallitus 2017<\/figcaption><\/figure>\n<\/figure>\n\n\n\n<p class=\"has-white-color has-text-color\">***<\/p>\n\n\n\n<figure class=\"wp-block-gallery has-nested-images columns-default is-cropped wp-block-gallery-3 is-layout-flex wp-block-gallery-is-layout-flex\">\n<figure class=\"wp-block-image size-large\"><img loading=\"lazy\" decoding=\"async\" width=\"1024\" height=\"683\" data-id=\"3306\" src=\"https:\/\/elavaravinto.fi\/wp\/wp-content\/uploads\/2019\/09\/Hallitus-2014-1024x683.jpg\" alt=\"\" class=\"wp-image-3306\" srcset=\"https:\/\/elavaravinto.fi\/wp\/wp-content\/uploads\/2019\/09\/Hallitus-2014-1024x683.jpg 1024w, https:\/\/elavaravinto.fi\/wp\/wp-content\/uploads\/2019\/09\/Hallitus-2014-300x200.jpg 300w, https:\/\/elavaravinto.fi\/wp\/wp-content\/uploads\/2019\/09\/Hallitus-2014-768x512.jpg 768w, https:\/\/elavaravinto.fi\/wp\/wp-content\/uploads\/2019\/09\/Hallitus-2014-1140x760.jpg 1140w, https:\/\/elavaravinto.fi\/wp\/wp-content\/uploads\/2019\/09\/Hallitus-2014-570x380.jpg 570w, https:\/\/elavaravinto.fi\/wp\/wp-content\/uploads\/2019\/09\/Hallitus-2014-380x254.jpg 380w, https:\/\/elavaravinto.fi\/wp\/wp-content\/uploads\/2019\/09\/Hallitus-2014-285x190.jpg 285w, https:\/\/elavaravinto.fi\/wp\/wp-content\/uploads\/2019\/09\/Hallitus-2014-272x182.jpg 272w, https:\/\/elavaravinto.fi\/wp\/wp-content\/uploads\/2019\/09\/Hallitus-2014.jpg 1920w\" sizes=\"auto, (max-width: 1024px) 100vw, 1024px\" \/><figcaption class=\"wp-element-caption\">ERY:n hallitus 2014<\/figcaption><\/figure>\n\n\n\n<figure class=\"wp-block-image size-large\"><img loading=\"lazy\" decoding=\"async\" width=\"1024\" height=\"768\" data-id=\"3305\" src=\"https:\/\/elavaravinto.fi\/wp\/wp-content\/uploads\/2019\/09\/hallitus-2013-1-1024x768.jpg\" alt=\"\" class=\"wp-image-3305\" srcset=\"https:\/\/elavaravinto.fi\/wp\/wp-content\/uploads\/2019\/09\/hallitus-2013-1-1024x768.jpg 1024w, https:\/\/elavaravinto.fi\/wp\/wp-content\/uploads\/2019\/09\/hallitus-2013-1-300x225.jpg 300w, https:\/\/elavaravinto.fi\/wp\/wp-content\/uploads\/2019\/09\/hallitus-2013-1-768x576.jpg 768w, https:\/\/elavaravinto.fi\/wp\/wp-content\/uploads\/2019\/09\/hallitus-2013-1-1140x855.jpg 1140w, https:\/\/elavaravinto.fi\/wp\/wp-content\/uploads\/2019\/09\/hallitus-2013-1-570x428.jpg 570w, https:\/\/elavaravinto.fi\/wp\/wp-content\/uploads\/2019\/09\/hallitus-2013-1-380x285.jpg 380w, https:\/\/elavaravinto.fi\/wp\/wp-content\/uploads\/2019\/09\/hallitus-2013-1-285x214.jpg 285w, https:\/\/elavaravinto.fi\/wp\/wp-content\/uploads\/2019\/09\/hallitus-2013-1.jpg 2048w\" sizes=\"auto, (max-width: 1024px) 100vw, 1024px\" \/><figcaption class=\"wp-element-caption\">ERY:n hallitus 2013 <\/figcaption><\/figure>\n<\/figure>\n\n\n\n<div class=\"wp-block-group\"><div class=\"wp-block-group__inner-container is-layout-flow wp-block-group-is-layout-flow\">\n<p><mark style=\"background-color:rgba(0, 0, 0, 0)\" class=\"has-inline-color has-white-color\">jjjjjjjjjjjjj<\/mark><\/p>\n\n\n\n<h3 class=\"wp-block-heading has-luminous-vivid-orange-color has-text-color has-link-color wp-elements-595fd0ab9753e84f681c91bbe3ab5847\"><strong>ERY:n nimenvaihto<\/strong><\/h3>\n\n\n\n<figure class=\"wp-block-embed is-type-video is-provider-youtube wp-block-embed-youtube wp-embed-aspect-4-3 wp-has-aspect-ratio\"><div class=\"wp-block-embed__wrapper\">\n<iframe loading=\"lazy\" title=\"ERY:n nimenvaihto. ERY:n hallituksen kokous 02.11.2011.\" width=\"1140\" height=\"855\" src=\"https:\/\/www.youtube.com\/embed\/USpro0Atw2M?feature=oembed\" frameborder=\"0\" allow=\"accelerometer; autoplay; clipboard-write; encrypted-media; gyroscope; picture-in-picture; web-share\" referrerpolicy=\"strict-origin-when-cross-origin\" allowfullscreen><\/iframe>\n<\/div><\/figure>\n\n\n\n<p><mark style=\"background-color:rgba(0, 0, 0, 0)\" class=\"has-inline-color has-white-color\">jjj<\/mark><\/p>\n\n\n\n<p><strong>Kirjeess\u00e4 ERY:n vuosikokkoukseen <\/strong>hallituksen puheenjohtaja <em>Aro L\u00f6f<\/em> selitt\u00e4\u00e4, mit\u00e4 raakaravinto on ja miten se eroaa el\u00e4v\u00e4st\u00e4 ravinnosta:<\/p>\n\n\n\n<p>&#8221;Raaka on el\u00e4v\u00e4n ravinnon kanta-is\u00e4, ei toisinp\u00e4in. Lopulta kyse on kuitenkin samojen asioiden tavoittelusta mutta eri aikataulussa. El\u00e4v\u00e4 ravinto on voimakkaita terapeuttisia vaikutuksia tuova ohjelma, kun taas raaka kasvisravinto on arkik\u00e4ytt\u00f6\u00f6n sopiva kokonaisuus, jolla ei v\u00e4ltt\u00e4m\u00e4tt\u00e4 saavuteta samanlaisia terapeuttisia vaikutuksia kuin El\u00e4v\u00e4ll\u00e4 ravinnolla. Ihmisten tarpeet ja halut vaihtelevat yksil\u00f6iden kohdalla todella paljon. Arvostamme todella paljon El\u00e4v\u00e4n ravinnon historiaa, sen oppien osaajia ja terapeuttista l\u00e4hestymistapaa ruokavalioon. El\u00e4v\u00e4ll\u00e4 ravinnolla on vahva historia auttajana. Brian Clementin tilaisuudet vakuuttavat niin liikkeen synnytt\u00e4jien kuin t\u00e4m\u00e4n hetkisten toimijoiden olevan samalla asialla.<\/p>\n\n\n\n<p>Raakaravintoa pid\u00e4mme yleisk\u00e4ytt\u00f6\u00f6n helpommin sopivana ja houkuttelevana \u201dviitekehyksen\u00e4\u201d, kun taas vakavasti sairaille puhumme el\u00e4v\u00e4st\u00e4 ravinnosta.&nbsp; Molemmat \u201dopit\u201d ovat yhdistyksen peruspilareita ja niiden suhde tulee saattaa toisiaan tukevaksi, ei kilpailevaksi. Raakaravinto on t\u00e4ll\u00e4 hetkell\u00e4 paljon potentiaalia tarjoava k\u00e4site jonka hy\u00f6dynt\u00e4minen on yhdistykselle ensisijaisen t\u00e4rke\u00e4\u00e4. Kun asioita halutaan p\u00e4ivitt\u00e4\u00e4, pit\u00e4\u00e4 vain muistaa ett\u00e4 ERY:n vahvassa perinteess\u00e4 on niin paljon tietotaitoa, n\u00e4kemyst\u00e4 ja el\u00e4m\u00e4nkokemusta, ettei t\u00e4llaista voimavaraa ole varaa ajaa kauemmas&#8221;. <\/p>\n\n\n\n<p>\n\nOulussa 10.3.2012 \n\n<\/p>\n<\/div><\/div>\n\n\n\n<p><\/p>\n","protected":false},"excerpt":{"rendered":"<p>El\u00e4v\u00e4 raakaravinto ry:n hallituksen kokoonpano vuonna 2026 *** Uusi hallitus&nbsp;on aloittanut toimikautensa vuoden 2026 alusta. Puheenjohtaja edustaa yhdistyst\u00e4 ja hoitaa suhteita yhdistyksest\u00e4 ulosp\u00e4in. Hallituksen j\u00e4senet valitaan yleisess\u00e4 syyskokouksessa &#8211; lue lis\u00e4\u00e4: &gt;&gt;&gt;https:\/\/elavaravinto.fi\/wp\/yhdistys\/kokoukset\/ Moni meist\u00e4 oli mukana toiminnassa my\u00f6s viime vuonna. Olemme ylpeit\u00e4 siit\u00e4, ett\u00e4 ERY:n viestinn\u00e4n siirto verkkoon on onnistunut. Paperilehden sijaan j\u00e4senet ovat saaneet [&hellip;]<\/p>\n","protected":false},"author":1,"featured_media":0,"parent":0,"menu_order":1,"comment_status":"closed","ping_status":"closed","template":"","meta":{"footnotes":""},"categories":[],"tags":[],"class_list":["post-2196","page","type-page","status-publish","hentry"],"_links":{"self":[{"href":"https:\/\/elavaravinto.fi\/wp\/wp-json\/wp\/v2\/pages\/2196","targetHints":{"allow":["GET"]}}],"collection":[{"href":"https:\/\/elavaravinto.fi\/wp\/wp-json\/wp\/v2\/pages"}],"about":[{"href":"https:\/\/elavaravinto.fi\/wp\/wp-json\/wp\/v2\/types\/page"}],"author":[{"embeddable":true,"href":"https:\/\/elavaravinto.fi\/wp\/wp-json\/wp\/v2\/users\/1"}],"replies":[{"embeddable":true,"href":"https:\/\/elavaravinto.fi\/wp\/wp-json\/wp\/v2\/comments?post=2196"}],"version-history":[{"count":55,"href":"https:\/\/elavaravinto.fi\/wp\/wp-json\/wp\/v2\/pages\/2196\/revisions"}],"predecessor-version":[{"id":8686,"href":"https:\/\/elavaravinto.fi\/wp\/wp-json\/wp\/v2\/pages\/2196\/revisions\/8686"}],"wp:attachment":[{"href":"https:\/\/elavaravinto.fi\/wp\/wp-json\/wp\/v2\/media?parent=2196"}],"wp:term":[{"taxonomy":"category","embeddable":true,"href":"https:\/\/elavaravinto.fi\/wp\/wp-json\/wp\/v2\/categories?post=2196"},{"taxonomy":"post_tag","embeddable":true,"href":"https:\/\/elavaravinto.fi\/wp\/wp-json\/wp\/v2\/tags?post=2196"}],"curies":[{"name":"wp","href":"https:\/\/api.w.org\/{rel}","templated":true}]}}